{"id":2,"date":"2023-05-23T17:11:01","date_gmt":"2023-05-23T15:11:01","guid":{"rendered":"http:\/\/serwer2035769.home.pl\/autoinstalator\/wordpress11\/?page_id=2"},"modified":"2024-03-27T00:50:27","modified_gmt":"2024-03-26T23:50:27","slug":"przykladowa-strona","status":"publish","type":"page","link":"http:\/\/lk-turek-konin-konsultacje.pl\/","title":{"rendered":""},"content":{"rendered":"<p><span style=\"font-family: verdana, geneva, sans-serif; font-size: 20px;\"><strong>Porozmawiajmy o projekcie nowej linii kolejowej Turek-Konin<\/strong><\/span><\/p>\n<p><span style=\"font-family: verdana, geneva, sans-serif; font-size: 16px;\">Zapraszamy Pa\u0144stwa do wzi\u0119cia udzia\u0142u w konsultacjach spo\u0142ecznych dotycz\u0105cych projektu pn.<br \/>\n<strong><em>&#8222;Budowa nowej linii kolejowej Turek \u2013 Konin&#8221;<\/em>.<\/strong><\/span><\/p>\n<p><span style=\"font-family: verdana, geneva, sans-serif; font-size: 16px;\">Projekt realizowany jest przez firm\u0119 <a href=\"https:\/\/multiconsult-polska.com\">Multiconsult Polska Sp. z o.o<\/a>., na zlecenie PKP Polskich Linii Kolejowych S.A., przy wsp\u00f3\u0142pracy Urz\u0119du Marsza\u0142kowskiego Wojew\u00f3dztwa Wielkopolskiego.<\/span><\/p>\n<p><span style=\"font-family: verdana, geneva, sans-serif; font-size: 16px;\">Nowa linia kolejowa przebiega\u0107 b\u0119dzie przez 7 gmin: gmin\u0119 miejsk\u0105 Konin, gmin\u0119 wiejsk\u0105 Kramsk, gmin\u0119 wiejsk\u0105 Krzym\u00f3w, gmin\u0119 wiejsk\u0105 Stare Miasto, gmin\u0119 miejsko-wiejsk\u0105 Tuliszk\u00f3w, gmin\u0119 wiejsk\u0105 Turek, gmin\u0119 miejsk\u0105 Turek.<\/span><\/p>\n<p><span style=\"font-family: verdana, geneva, sans-serif; font-size: 16px;\"><strong>Celem procesu konsultacji spo\u0142ecznych jest pozyskanie Pa\u0144stwa opinii na temat prezentowanych poni\u017cej za\u0142o\u017ce\u0144 projektowych i przyj\u0119tych rozwi\u0105za\u0144 technicznych.<\/strong><\/span><\/p>\n<p>&nbsp;<\/p>\n<p><span style=\"font-family: verdana, geneva, sans-serif; font-size: 20px;\"><strong>Jaki jest cel projektu?<\/strong><\/span><\/p>\n<ul>\n<li><span style=\"font-family: verdana, geneva, sans-serif; font-size: 16px;\"><strong>Uruchomienie regionalnych kolejowych po\u0142\u0105cze\u0144 pasa\u017cerskich, umo\u017cliwiaj\u0105cych przejazd z Turku do Poznania;<\/strong><\/span><\/li>\n<li><span style=\"font-family: verdana, geneva, sans-serif; font-size: 16px;\"><strong>Zwi\u0119kszenie dost\u0119pno\u015bci transportu kolejowego;<\/strong><\/span><\/li>\n<li><span style=\"font-family: verdana, geneva, sans-serif; font-size: 16px;\">Zapewnienie interoperacyjno\u015bci kolei;<\/span><\/li>\n<li><span style=\"font-family: verdana, geneva, sans-serif; font-size: 16px;\">Zapewnienie bezpiecze\u0144stwa na przejazdach kolejowo-drogowych poprzez zastosowanie nowoczesnych rozwi\u0105za\u0144 technicznych;<\/span><\/li>\n<li><span style=\"font-family: verdana, geneva, sans-serif; font-size: 16px;\">Zapewnienie bezpiecze\u0144stwa ruchu kolejowo-drogowego poprzez budow\u0119 skrzy\u017cowa\u0144 dwupoziomowych;<\/span><\/li>\n<li><span style=\"font-family: verdana, geneva, sans-serif; font-size: 16px;\"><strong>Uzupe\u0142nienie lokalnej i regionalnej infrastruktury kolejowej \u2013 popraw\u0119 funkcjonowania i zwi\u0119kszenia wydajno\u015bci sieci komunikacyjnej;<\/strong><\/span><\/li>\n<li><span style=\"font-family: verdana, geneva, sans-serif; font-size: 16px;\"><strong>Rozw\u00f3j spo\u0142eczny mieszka\u0144c\u00f3w \u2013 umo\u017cliwiaj\u0105c szybki dost\u0119p\/dojazd do zak\u0142ad\u00f3w pracy, szk\u00f3\u0142, zak\u0142ad\u00f3w opieki zdrowotnej a tak\u017ce instytucji kultury;<\/strong><\/span><\/li>\n<li><span style=\"font-family: verdana, geneva, sans-serif; font-size: 16px;\"><strong>Wspieranie mobilno\u015bci spo\u0142ecze\u0144stwa poprzez mo\u017cliwo\u015b\u0107 zatrudnienia w s\u0105siednich gminach;<\/strong><\/span><\/li>\n<li><span style=\"font-family: verdana, geneva, sans-serif; font-size: 16px;\"><strong>Zmniejszenie skali wykorzystywania prywatnych samochod\u00f3w w bezpo\u015brednich podr\u00f3\u017cach z Turku do Konina i do Poznania.<\/strong><\/span><\/li>\n<\/ul>\n<p><span style=\"font-family: verdana, geneva, sans-serif; font-size: 20px;\"><strong><br \/>\nJaki jest zakres projektu?<\/strong><\/span><\/p>\n<ul>\n<li><span style=\"font-family: verdana, geneva, sans-serif; font-size: 16px;\"><strong>Projekt dotyczy nowej linii kolejowej o d\u0142ugo\u015bci 38,10 km:<\/strong><\/span>\n<ul style=\"list-style-type: circle;\">\n<li><span style=\"font-family: verdana, geneva, sans-serif; font-size: 16px;\">B\u0119dzie to linia jednotorowa, zelektryfikowana, normalnotorowa;<\/span><\/li>\n<li><span style=\"font-family: verdana, geneva, sans-serif; font-size: 16px;\">Pocz\u0105tek linii stanowi projektowany posterunek odga\u0142\u0119\u017any Konin Wsch\u00f3d na linii kolejowej nr 3 Warszawa Zachodnia \u2013 Kunowice;<\/span><\/li>\n<li><span style=\"font-family: verdana, geneva, sans-serif; font-size: 16px;\">Koniec linii stanowi projektowana stacja Turek;<\/span><\/li>\n<li><span style=\"font-family: verdana, geneva, sans-serif; font-size: 16px;\">Projektowanych jest 61 obiekt\u00f3w in\u017cynieryjnych (9 wiadukt\u00f3w, 3 mosty, 49 przepust\u00f3w);<\/span><\/li>\n<li><span style=\"font-family: verdana, geneva, sans-serif; font-size: 16px;\">Projektowanych jest 13 przejazd\u00f3w kolejowo-drogowych kat. B (gdzie ruchem kieruj\u0105 samoczynne systemy przejazdowe \u2013 ka\u017cdy przejazd tego typu wyposa\u017cony jest w sygnalizatory drogowe i rogatki zamykaj\u0105ce ruch) i 11 skrzy\u017cowa\u0144 wielopoziomowych;<\/span><\/li>\n<li><span style=\"font-family: verdana, geneva, sans-serif; font-size: 16px;\">Linia projektowana jest przede wszystkim do obs\u0142ugi ruchu pasa\u017cerskiego, ale dopuszczony b\u0119dzie tak\u017ce ruch towarowy;<\/span><\/li>\n<li><span style=\"font-size: 16px; font-family: verdana, geneva, sans-serif;\">Maksymalna pr\u0119dko\u015b\u0107 z jak\u0105 b\u0119d\u0105 mog\u0142y porusza\u0107 si\u0119 poci\u0105gi po nowej linii;<\/span>\n<ul style=\"list-style-type: square;\">\n<li><span style=\"font-family: verdana, geneva, sans-serif; font-size: 16px;\">poci\u0105gi pasa\u017cerskie \u2013 160 km\/h;<\/span><\/li>\n<li><span style=\"font-size: 16px; font-family: verdana, geneva, sans-serif;\">poci\u0105gi towarowe \u2013 120 km\/h;<\/span><\/li>\n<\/ul>\n<p>&nbsp;<\/li>\n<\/ul>\n<\/li>\n<\/ul>\n<ul>\n<li><span style=\"font-family: verdana, geneva, sans-serif; font-size: 16px;\"><strong>Projektowane s\u0105 nast\u0119puj\u0105ce przystanki osobowe i stacje (11 szt.)**:<\/strong><\/span>\n<ul style=\"list-style-type: circle;\">\n<li><span style=\"font-family: verdana, geneva, sans-serif; font-size: 16px;\">Przystanek osobowy Brze\u017ano;<\/span><\/li>\n<li><span style=\"font-family: verdana, geneva, sans-serif; font-size: 16px;\">Przystanek osobowy \u017bychlin;<\/span><\/li>\n<li><span style=\"font-family: verdana, geneva, sans-serif; font-size: 16px;\">Przystanek osobowy \u017bd\u017cary;<\/span>\n<ul style=\"list-style-type: square;\">\n<li><span style=\"font-family: verdana, geneva, sans-serif; font-size: 16px;\">Przystanek osobowy Kiszewy (rezerwa)*;<\/span><\/li>\n<\/ul>\n<\/li>\n<li><span style=\"font-family: verdana, geneva, sans-serif; font-size: 16px;\">Mijanka i przystanek osobowy Tuliszk\u00f3w;<\/span>\n<ul style=\"list-style-type: square;\">\n<li><span style=\"font-family: verdana, geneva, sans-serif; font-size: 16px;\">Przystanek osobowy Grzymiszew (rezerwa)*;<\/span><\/li>\n<li><span style=\"font-family: verdana, geneva, sans-serif; font-size: 16px;\">Przystanek osobowy Imie\u0142\u00f3w (rezerwa)*;<\/span><\/li>\n<\/ul>\n<\/li>\n<li><span style=\"font-family: verdana, geneva, sans-serif; font-size: 16px;\">Przystanek osobowy S\u0142odk\u00f3w;<\/span>\n<ul style=\"list-style-type: square;\">\n<li><span style=\"font-family: verdana, geneva, sans-serif; font-size: 16px;\">Przystanek osobowy Obrz\u0119bin (rezerwa)*;<\/span><\/li>\n<\/ul>\n<\/li>\n<li><span style=\"font-family: verdana, geneva, sans-serif; font-size: 16px;\">Przystanek osobowy Turek Zachodni;<\/span><\/li>\n<li><span style=\"font-family: verdana, geneva, sans-serif; font-size: 16px;\">Stacja Turek<\/span><\/li>\n<\/ul>\n<\/li>\n<\/ul>\n<p><span style=\"font-family: verdana, geneva, sans-serif; font-size: 16px;\">* Dla 4 przystank\u00f3w osobowych zostanie zaprojektowana rezerwa terenowa. Nie zostan\u0105 one wybudowane w pierwszym etapie, tzn. do 2029 r. Ale dzi\u0119ki pozostawionej rezerwie ich wybudowanie b\u0119dzie mo\u017cliwe w latach kolejnych.<\/span><\/p>\n<p><span style=\"font-family: verdana, geneva, sans-serif; font-size: 16px;\">** Nazwy maj\u0105 charakter roboczy.<\/span><\/p>\n<p><span style=\"font-family: verdana, geneva, sans-serif; font-size: 20px;\"><strong><br \/>\nJaki jest szczeg\u00f3\u0142owy przebieg nowej linii kolejowej?<\/strong><\/span><\/p>\n<p><span style=\"font-family: verdana, geneva, sans-serif; font-size: 16px;\">Poni\u017cej zamieszczono mapy prezentuj\u0105ce przebieg nowej linii kolejowej Turek-Konin.<\/span><\/p>\n<p><span style=\"font-family: verdana, geneva, sans-serif; font-size: 16px;\">Pierwsze trzy mapy stanowi\u0105 orientacj\u0119, kt\u00f3ra wskazuje na kt\u00f3rych arkuszach przedstawiono poszczeg\u00f3lne fragmenty linii kolejowej Turek-Konin. Arkusze ponumerowane s\u0105 od 1 do 25, zaczynaj\u0105c od Konina.<\/span><\/p>\n<p><span style=\"font-family: verdana, geneva, sans-serif; font-size: 16px;\">Gmina miejska Konin \u2013 <em>arkusze 1-2<\/em><\/span><br \/>\n<span style=\"font-family: verdana, geneva, sans-serif; font-size: 16px;\">Gmina wiejska Kramsk \u2013 <em>arkusze 1-2<\/em><br \/>\nGmina wiejska Krzym\u00f3w \u2013 <em>arkusze 2-6<\/em><\/span><br \/>\n<span style=\"font-family: verdana, geneva, sans-serif; font-size: 16px;\">Gmina wiejska Stare Miasto \u2013 <em>arkusze 6-10<\/em><\/span><br \/>\n<span style=\"font-family: verdana, geneva, sans-serif; font-size: 16px;\">Gmina miejsko-wiejska Tuliszk\u00f3w \u2013 <em>arkusze 10-19<\/em><\/span><br \/>\n<span style=\"font-family: verdana, geneva, sans-serif; font-size: 16px;\">Gmina wiejska Turek \u2013 <em>arkusze 19-23<\/em><\/span><br \/>\n<span style=\"font-family: verdana, geneva, sans-serif; font-size: 16px;\">Gmina miejska Turek \u2013 <em>arkusze 23-25<\/em><\/span><\/p>\n<p><span style=\"font-family: verdana, geneva, sans-serif; font-size: 16px;\"><a href=\"http:\/\/lk-turek-konin-konsultacje.pl\/wp-content\/uploads\/2024\/02\/KONIN_TUREK_ORIENTACJA_01.pdf\">ORIENTACJA 1 \u2013 ARKUSZE 1-9<\/a><br \/>\n<\/span><span style=\"font-family: verdana, geneva, sans-serif; font-size: 16px;\"><a href=\"http:\/\/lk-turek-konin-konsultacje.pl\/wp-content\/uploads\/2024\/02\/KONIN_TUREK_ORIENTACJA_02.pdf\">ORIENTACJA 2 \u2013 ARKUSZE 9-17<\/a><br \/>\n<\/span><span style=\"font-family: verdana, geneva, sans-serif; font-size: 16px;\"><a href=\"http:\/\/lk-turek-konin-konsultacje.pl\/wp-content\/uploads\/2024\/02\/KONIN_TUREK_ORIENTACJA_03.pdf\">ORIENTACJA 3 \u2013 ARKUSZE 17-25<\/a><\/span><\/p>\n<p><span style=\"font-family: verdana, geneva, sans-serif; font-size: 16px;\">Podzia\u0142 arkuszy wg gmin:<\/span><\/p>\n<ul>\n<li><span style=\"font-size: 16px;\"><a href=\"http:\/\/lk-turek-konin-konsultacje.pl\/wp-content\/uploads\/2024\/02\/KONIN_TUREK_PLAN_01.pdf\"><span style=\"font-family: verdana, geneva, sans-serif;\">Arkusz 1<\/span><\/a><\/span><\/li>\n<li><span style=\"font-family: verdana, geneva, sans-serif; font-size: 16px;\"><a href=\"http:\/\/lk-turek-konin-konsultacje.pl\/wp-content\/uploads\/2024\/02\/KONIN_TUREK_PLAN_02.pdf\">Arkusz 2<\/a><\/span><\/li>\n<li><span style=\"font-family: verdana, geneva, sans-serif; font-size: 16px;\"><a href=\"http:\/\/lk-turek-konin-konsultacje.pl\/wp-content\/uploads\/2024\/02\/KONIN_TUREK_PLAN_03.pdf\">Arkusz 3<\/a><\/span><\/li>\n<li><span style=\"font-family: verdana, geneva, sans-serif; font-size: 16px;\"><a href=\"http:\/\/lk-turek-konin-konsultacje.pl\/wp-content\/uploads\/2024\/02\/KONIN_TUREK_PLAN_04.pdf\">Arkusz 4<\/a><\/span><\/li>\n<li><span style=\"font-family: verdana, geneva, sans-serif; font-size: 16px;\"><a href=\"http:\/\/lk-turek-konin-konsultacje.pl\/wp-content\/uploads\/2024\/02\/KONIN_TUREK_PLAN_05.pdf\">Arkusz 5<\/a><\/span><\/li>\n<li><span style=\"font-family: verdana, geneva, sans-serif; font-size: 16px;\"><a href=\"http:\/\/lk-turek-konin-konsultacje.pl\/wp-content\/uploads\/2024\/02\/KONIN_TUREK_PLAN_06.pdf\">Arkusz 6<\/a> <\/span><\/li>\n<li><span style=\"font-family: verdana, geneva, sans-serif; font-size: 16px;\"><a href=\"http:\/\/lk-turek-konin-konsultacje.pl\/wp-content\/uploads\/2024\/02\/KONIN_TUREK_PLAN_07.pdf\">Arkusz 7<\/a><\/span><\/li>\n<li><span style=\"font-family: verdana, geneva, sans-serif; font-size: 16px;\"><a href=\"http:\/\/lk-turek-konin-konsultacje.pl\/wp-content\/uploads\/2024\/02\/KONIN_TUREK_PLAN_08.pdf\">Arkusz 8<\/a> <\/span><\/li>\n<li><span style=\"font-family: verdana, geneva, sans-serif; font-size: 16px;\"><a href=\"http:\/\/lk-turek-konin-konsultacje.pl\/wp-content\/uploads\/2024\/02\/KONIN_TUREK_PLAN_09.pdf\">Arkusz 9<\/a> <\/span><\/li>\n<li><span style=\"font-family: verdana, geneva, sans-serif; font-size: 16px;\"><a href=\"http:\/\/lk-turek-konin-konsultacje.pl\/wp-content\/uploads\/2024\/02\/KONIN_TUREK_PLAN_10.pdf\">Arkusz 10<\/a><\/span><\/li>\n<li><span style=\"font-size: 16px;\"><a href=\"http:\/\/lk-turek-konin-konsultacje.pl\/wp-content\/uploads\/2024\/02\/KONIN_TUREK_PLAN_11.pdf\"><span style=\"font-family: verdana, geneva, sans-serif;\">Arkusz 11<\/span><\/a> <\/span><\/li>\n<li><span style=\"font-size: 16px;\"><a href=\"http:\/\/lk-turek-konin-konsultacje.pl\/wp-content\/uploads\/2024\/02\/KONIN_TUREK_PLAN_12.pdf\"><span style=\"font-family: verdana, geneva, sans-serif;\">Arkusz 12<\/span><\/a><\/span><\/li>\n<li><span style=\"font-size: 16px;\"><a href=\"http:\/\/lk-turek-konin-konsultacje.pl\/wp-content\/uploads\/2024\/02\/KONIN_TUREK_PLAN_13.pdf\"><span style=\"font-family: verdana, geneva, sans-serif;\">Arkusz 13<\/span><\/a><\/span><\/li>\n<li><span style=\"font-size: 16px;\"><a href=\"http:\/\/lk-turek-konin-konsultacje.pl\/wp-content\/uploads\/2024\/02\/KONIN_TUREK_PLAN_14.pdf\"><span style=\"font-family: verdana, geneva, sans-serif;\">Arkusz 14<\/span><\/a><\/span><\/li>\n<li><span style=\"font-size: 16px;\"><a href=\"http:\/\/lk-turek-konin-konsultacje.pl\/wp-content\/uploads\/2024\/02\/KONIN_TUREK_PLAN_15.pdf\"><span style=\"font-size: 16px;\"><span style=\"font-family: verdana, geneva, sans-serif;\">Arkusz<\/span> 15<\/span><\/a><\/span><\/li>\n<li><span style=\"font-size: 16px;\"><a href=\"http:\/\/lk-turek-konin-konsultacje.pl\/wp-content\/uploads\/2024\/02\/KONIN_TUREK_PLAN_16.pdf\"><span style=\"font-family: verdana, geneva, sans-serif;\">Arkusz 16<\/span><\/a> <\/span><\/li>\n<li><span style=\"font-size: 16px;\"><a href=\"http:\/\/lk-turek-konin-konsultacje.pl\/wp-content\/uploads\/2024\/02\/KONIN_TUREK_PLAN_17.pdf\"><span style=\"font-family: verdana, geneva, sans-serif;\">Arkusz 17<\/span><\/a><\/span><\/li>\n<li><span style=\"font-size: 16px;\"><a href=\"http:\/\/lk-turek-konin-konsultacje.pl\/wp-content\/uploads\/2024\/02\/KONIN_TUREK_PLAN_18.pdf\"><span style=\"font-family: verdana, geneva, sans-serif;\">Arkusz 18<\/span><\/a> <\/span><\/li>\n<li><span style=\"font-size: 16px;\"><a href=\"http:\/\/lk-turek-konin-konsultacje.pl\/wp-content\/uploads\/2024\/02\/KONIN_TUREK_PLAN_19.pdf\"><span style=\"font-family: verdana, geneva, sans-serif;\">Arkusz 19<\/span><\/a> <\/span><\/li>\n<li><span style=\"font-size: 16px;\"><a href=\"http:\/\/lk-turek-konin-konsultacje.pl\/wp-content\/uploads\/2024\/02\/KONIN_TUREK_PLAN_20.pdf\"><span style=\"font-family: verdana, geneva, sans-serif;\">Arkusz 20<\/span><\/a><\/span><\/li>\n<li><span style=\"font-size: 16px;\"><a href=\"http:\/\/lk-turek-konin-konsultacje.pl\/wp-content\/uploads\/2024\/02\/KONIN_TUREK_PLAN_21.pdf\"><span style=\"font-family: verdana, geneva, sans-serif;\">Arkusz 21<\/span><\/a><\/span><\/li>\n<li><span style=\"font-size: 16px;\"><a href=\"http:\/\/lk-turek-konin-konsultacje.pl\/wp-content\/uploads\/2024\/02\/KONIN_TUREK_PLAN_22.pdf\"><span style=\"font-family: verdana, geneva, sans-serif;\">Arkusz 22<\/span><\/a><\/span><\/li>\n<li><span style=\"font-size: 16px;\"><a href=\"http:\/\/lk-turek-konin-konsultacje.pl\/wp-content\/uploads\/2024\/02\/KONIN_TUREK_PLAN_23.pdf\"><span style=\"font-family: verdana, geneva, sans-serif;\">Arkusz 23<\/span><\/a><\/span><\/li>\n<li><span style=\"font-size: 16px;\"><a href=\"http:\/\/lk-turek-konin-konsultacje.pl\/wp-content\/uploads\/2024\/02\/KONIN_TUREK_PLAN_24.pdf\"><span style=\"font-family: verdana, geneva, sans-serif;\">Arkusz 24<\/span><\/a><\/span><\/li>\n<li><span style=\"font-size: 16px;\"><a href=\"http:\/\/lk-turek-konin-konsultacje.pl\/wp-content\/uploads\/2024\/02\/KONIN_TUREK_PLAN_25.pdf\"><span style=\"font-family: verdana, geneva, sans-serif;\">Arkusz 25<\/span><\/a><\/span><\/li>\n<\/ul>\n<p><span style=\"font-family: verdana, geneva, sans-serif; font-size: 20px;\"><strong><br \/>\nJak mo\u017cna si\u0119 wypowiedzie\u0107?<\/strong><\/span><\/p>\n<p><span style=\"font-family: verdana, geneva, sans-serif; font-size: 16px;\"><strong>1. Spotkania konsultacyjne<\/strong><\/span><\/p>\n<p><span style=\"font-family: verdana, geneva, sans-serif; font-size: 16px;\">Zapraszamy Pa\u0144stwa do udzia\u0142u w spotkaniach konsultacyjnych, kt\u00f3re odb\u0119d\u0105 si\u0119:<\/span><\/p>\n<ul>\n<li><span style=\"font-family: verdana, geneva, sans-serif; font-size: 16px;\"><span style=\"font-family: verdana, geneva, sans-serif; font-size: 16px;\"><strong>12 marca 2024 r.<\/strong> (wtorek)<br \/>\n<\/span><\/span><span style=\"font-family: verdana, geneva, sans-serif; font-size: 16px; color: #ff0000;\"><span style=\"color: #000000;\"><em>OSP w Tuliszkowie, Plac Floria\u0144ski 3, Tuliszk\u00f3w<\/em><\/span><strong><em><br \/>\n<\/em><\/strong><\/span><span style=\"font-family: verdana, geneva, sans-serif;\"><span style=\"font-size: 16px;\">Link do spotkania online na YouTube :\u00a0 <\/span><a href=\"https:\/\/youtu.be\/hQSnMMMf2UE\"><span style=\"font-size: 16px;\"><strong>Spotkanie<\/strong><\/span><span style=\"font-size: 16px;\"><strong> konsultacyjne Tuliszk\u00f3w<\/strong><\/span><\/a><\/span><\/li>\n<li><span style=\"font-family: verdana, geneva, sans-serif; font-size: 16px;\"><span style=\"font-family: verdana, geneva, sans-serif; font-size: 16px;\"><strong>13 marca 2024 r.<\/strong> (\u015broda)<br \/>\n<em>Hala Widowiskowo-Sportowa w Turku, ul. Parkowa 3<br \/>\n<\/em><\/span>Link do spotkania online na YouTube :\u00a0 <a href=\"https:\/\/youtu.be\/epjaWRxvnFU\"><strong>Spotkanie<\/strong><strong> konsultacyjne Turek<\/strong><\/a><br \/>\n<\/span><\/li>\n<li><span style=\"font-family: verdana, geneva, sans-serif; font-size: 16px;\"><span style=\"font-family: verdana, geneva, sans-serif; font-size: 16px;\"><strong>14 marca 2024 r.<\/strong> (czwartek)<br \/>\n<em>Biblioteka Publiczna Gminy Stare Miasto, ul. G\u0142\u00f3wna 16<br \/>\n<\/em>Link do spotkania online na YouTube :\u00a0 <a href=\"https:\/\/youtu.be\/QlO1U8EXj3M\"><strong>Spotkanie<\/strong><strong> konsultacyjne Stare Miasto<\/strong><\/a><em><br \/>\n<\/em><\/span><\/span><\/li>\n<li><span style=\"font-family: verdana, geneva, sans-serif; font-size: 16px;\"><span style=\"font-family: verdana, geneva, sans-serif; font-size: 16px;\"><strong>15 marca 2024 r.<\/strong> (pi\u0105tek)<br \/>\n<em>Koni\u0144ski Dom Kultury, pl. Niepodleg\u0142o\u015bci 1<br \/>\n<\/em><\/span>Link do spotkania online na YouTube :\u00a0 <a href=\"https:\/\/youtu.be\/Ol3FWSNn32s\"><strong>Spotkanie<\/strong><strong> konsultacyjne Konin<\/strong><\/a><\/span><\/li>\n<li><span style=\"font-family: verdana, geneva, sans-serif; font-size: 16px;\"><strong>18 marca 2024 r.<\/strong> (poniedzia\u0142ek)<br \/>\n<em>Gminny O\u015brodek Kultury w Brze\u017anie, ul. G\u0142\u00f3wna 70A<br \/>\n<\/em>Link do spotkania online na YouTube :\u00a0 <a href=\"https:\/\/www.youtube.com\/watch?v=yA3TdX5tX4Y\"><strong>Spotkanie<\/strong><strong> konsultacyjne Brze\u017ano<\/strong><\/a><em><br \/>\n<\/em><\/span><\/li>\n<\/ul>\n<p><span style=\"font-family: verdana, geneva, sans-serif; font-size: 16px;\">Spotkania zaczn\u0105 si\u0119 o godzinie 17:00. Planujemy, \u017ce mog\u0105 potrwa\u0107 oko\u0142o 2 godzin.<\/span><\/p>\n<p><span style=\"font-family: verdana, geneva, sans-serif; font-size: 16px;\">Wszystkie spotkania maj\u0105 charakter otwarty, mog\u0105 wi\u0119c bra\u0107 w nich udzia\u0142 wszystkie zainteresowane osoby, bez wzgl\u0119du na np. miejsce zamieszkania.<\/span><\/p>\n<p><span style=\"text-decoration: underline;\"><span style=\"font-family: verdana, geneva, sans-serif; font-size: 16px;\">Planowana jest transmisja online wszystkich spotka\u0144.<br \/>\n<\/span><\/span><span style=\"font-family: verdana, geneva, sans-serif; font-size: 16px;\">Linki do transmisji s\u0105 zamieszczone na tej stronie internetowej.<\/span><\/p>\n<p><span style=\"font-family: verdana, geneva, sans-serif; font-size: 16px;\"><strong>2. Ankieta<\/strong><\/span><\/p>\n<p><span style=\"font-family: verdana, geneva, sans-serif; font-size: 16px;\">Zapraszamy te\u017c do wype\u0142nienia internetowej ankiety, kt\u00f3ra dost\u0119pna b\u0119dzie do <span style=\"color: #ff0000;\"><strong><u>7 kwietnia<\/u><\/strong><\/span> 2024 r.<br \/>\n<span style=\"color: #ff0000;\"><strong><u>(UWAGA NOWY TERMIN!)<\/u><\/strong><\/span> pod adresem <\/span><span style=\"font-family: verdana, geneva, sans-serif; font-size: 16px;\"><a href=\"https:\/\/forms.office.com\/e\/FjeeS5VRr7\">https:\/\/forms.office.com\/e\/FjeeS5VRr7<\/a><\/span><\/p>\n<p><span style=\"font-family: verdana, geneva, sans-serif; font-size: 16px;\"><br \/>\n<strong><span style=\"font-size: 20px;\">Serdecznie zapraszamy!<\/span><\/strong><\/span><\/p>\n<p><span style=\"font-size: 16px;\"><strong>E-mail:<\/strong>\u00a0 <a href=\"mailto:kontakt@lk-turek-konin-konsultacje.pl\">kontakt@lk-turek-konin-konsultacje.pl<\/a><br \/>\n<\/span><\/p>\n<p><img loading=\"lazy\" decoding=\"async\" class=\"alignnone size-full wp-image-206\" src=\"http:\/\/lk-turek-konin-konsultacje.pl\/wp-content\/uploads\/2024\/03\/plakat-zmieniony-1.png\" alt=\"\" width=\"647\" height=\"917\" srcset=\"http:\/\/lk-turek-konin-konsultacje.pl\/wp-content\/uploads\/2024\/03\/plakat-zmieniony-1.png 647w, http:\/\/lk-turek-konin-konsultacje.pl\/wp-content\/uploads\/2024\/03\/plakat-zmieniony-1-212x300.png 212w, http:\/\/lk-turek-konin-konsultacje.pl\/wp-content\/uploads\/2024\/03\/plakat-zmieniony-1-624x884.png 624w\" sizes=\"auto, (max-width: 647px) 100vw, 647px\" \/><\/p>\n<p>&nbsp;<\/p>\n","protected":false},"excerpt":{"rendered":"<p>Porozmawiajmy o projekcie nowej linii kolejowej Turek-Konin Zapraszamy Pa\u0144stwa do wzi\u0119cia udzia\u0142u w konsultacjach spo\u0142ecznych dotycz\u0105cych projektu pn. &#8222;Budowa nowej linii kolejowej Turek \u2013 Konin&#8221;. Projekt realizowany jest przez firm\u0119 Multiconsult Polska Sp. z o.o., na zlecenie PKP Polskich Linii Kolejowych S.A., przy wsp\u00f3\u0142pracy Urz\u0119du Marsza\u0142kowskiego Wojew\u00f3dztwa Wielkopolskiego. Nowa linia kolejowa przebiega\u0107 b\u0119dzie przez 7 [&hellip;]<\/p>\n","protected":false},"author":1,"featured_media":0,"parent":0,"menu_order":0,"comment_status":"closed","ping_status":"open","template":"","meta":{"footnotes":""},"class_list":["post-2","page","type-page","status-publish","hentry"],"amp_enabled":true,"_links":{"self":[{"href":"http:\/\/lk-turek-konin-konsultacje.pl\/index.php?rest_route=\/wp\/v2\/pages\/2","targetHints":{"allow":["GET"]}}],"collection":[{"href":"http:\/\/lk-turek-konin-konsultacje.pl\/index.php?rest_route=\/wp\/v2\/pages"}],"about":[{"href":"http:\/\/lk-turek-konin-konsultacje.pl\/index.php?rest_route=\/wp\/v2\/types\/page"}],"author":[{"embeddable":true,"href":"http:\/\/lk-turek-konin-konsultacje.pl\/index.php?rest_route=\/wp\/v2\/users\/1"}],"replies":[{"embeddable":true,"href":"http:\/\/lk-turek-konin-konsultacje.pl\/index.php?rest_route=%2Fwp%2Fv2%2Fcomments&post=2"}],"version-history":[{"count":89,"href":"http:\/\/lk-turek-konin-konsultacje.pl\/index.php?rest_route=\/wp\/v2\/pages\/2\/revisions"}],"predecessor-version":[{"id":230,"href":"http:\/\/lk-turek-konin-konsultacje.pl\/index.php?rest_route=\/wp\/v2\/pages\/2\/revisions\/230"}],"wp:attachment":[{"href":"http:\/\/lk-turek-konin-konsultacje.pl\/index.php?rest_route=%2Fwp%2Fv2%2Fmedia&parent=2"}],"curies":[{"name":"wp","href":"https:\/\/api.w.org\/{rel}","templated":true}]}}